{"id":11109,"date":"2022-06-01T16:05:35","date_gmt":"2022-06-01T16:05:35","guid":{"rendered":"https:\/\/ibiza-yacht.com\/les-voiles-de-st-tropez\/"},"modified":"2025-03-18T17:49:40","modified_gmt":"2025-03-18T17:49:40","slug":"les-voiles-de-st-tropez","status":"publish","type":"page","link":"https:\/\/ibiza-yacht.com\/fr\/les-voiles-de-st-tropez\/","title":{"rendered":"Formentera"},"content":{"rendered":"\t\t<div data-elementor-type=\"wp-page\" data-elementor-id=\"11109\" class=\"elementor elementor-11109 elementor-2596\">\n\t\t\t\t\t\t<section class=\"elementor-section elementor-top-section elementor-element elementor-element-8308e06 elementor-section-height-min-height elementor-section-items-bottom elementor-section-content-bottom elementor-section-boxed elementor-section-height-default\" data-id=\"8308e06\" data-element_type=\"section\" data-settings=\"{&quot;background_background&quot;:&quot;classic&quot;}\">\n\t\t\t\t\t\t<div class=\"elementor-container elementor-column-gap-default\">\n\t\t\t\t\t<div class=\"elementor-column elementor-col-100 elementor-top-column elementor-element elementor-element-c716d39\" data-id=\"c716d39\" data-element_type=\"column\">\n\t\t\t<div class=\"elementor-widget-wrap elementor-element-populated\">\n\t\t\t\t\t\t<div class=\"elementor-element elementor-element-dc29a53 elementor-widget elementor-widget-heading\" data-id=\"dc29a53\" data-element_type=\"widget\" data-widget_type=\"heading.default\">\n\t\t\t\t<div class=\"elementor-widget-container\">\n\t\t\t\t\t<h1 class=\"elementor-heading-title elementor-size-default\">formerera ibiza<\/h1>\t\t\t\t<\/div>\n\t\t\t\t<\/div>\n\t\t\t\t\t<\/div>\n\t\t<\/div>\n\t\t\t\t\t<\/div>\n\t\t<\/section>\n\t\t\t\t<section class=\"elementor-section elementor-top-section elementor-element elementor-element-9da68ef elementor-section-boxed elementor-section-height-default elementor-section-height-default\" data-id=\"9da68ef\" data-element_type=\"section\">\n\t\t\t\t\t\t<div class=\"elementor-container elementor-column-gap-default\">\n\t\t\t\t\t<div class=\"elementor-column elementor-col-100 elementor-top-column elementor-element elementor-element-6726422\" data-id=\"6726422\" data-element_type=\"column\">\n\t\t\t<div class=\"elementor-widget-wrap elementor-element-populated\">\n\t\t\t\t\t\t<div class=\"elementor-element elementor-element-61f4c80 elementor-widget elementor-widget-heading\" data-id=\"61f4c80\" data-element_type=\"widget\" data-widget_type=\"heading.default\">\n\t\t\t\t<div class=\"elementor-widget-container\">\n\t\t\t\t\t<h2 class=\"elementor-heading-title elementor-size-default\">formerera ibiza Yachts<\/h2>\t\t\t\t<\/div>\n\t\t\t\t<\/div>\n\t\t\t\t<div class=\"elementor-element elementor-element-0ba38b8 elementor-widget elementor-widget-text-editor\" data-id=\"0ba38b8\" data-element_type=\"widget\" data-widget_type=\"text-editor.default\">\n\t\t\t\t<div class=\"elementor-widget-container\">\n\t\t\t\t\t\t\t\t\t<p>La location d&rsquo;un yacht d&rsquo;Ibiza \u00e0 Formentera offre une exp\u00e9rience in\u00e9gal\u00e9e de luxe et d&rsquo;aventure. Ibiza, r\u00e9put\u00e9e pour sa vie nocturne tr\u00e9pidante et son littoral \u00e0 couper le souffle, est le point de d\u00e9part id\u00e9al de votre voyage. Avec une location de bateau, vous avez la libert\u00e9 d&rsquo;explorer ces eaux c\u00e9l\u00e8bres avec style, en profitant du confort et de l&rsquo;exclusivit\u00e9 de votre propre bateau priv\u00e9. En naviguant d&rsquo;Ibiza \u00e0 Formentera, vous d\u00e9couvrirez la beaut\u00e9 \u00e9poustouflante des \u00eeles Bal\u00e9ares, avec leurs eaux turquoise et leurs plages immacul\u00e9es qui s&rsquo;\u00e9tendent \u00e0 perte de vue. Formentera, avec son ambiance d\u00e9contract\u00e9e et ses paysages pr\u00e9serv\u00e9s, attire les voyageurs en qu\u00eate de d\u00e9tente et de s\u00e9r\u00e9nit\u00e9. En louant un yacht, vous pourrez vous immerger totalement dans le charme de Formentera, en explorant ses criques cach\u00e9es, en savourant des repas en bord de mer et en vous pr\u00e9lassant sous le soleil m\u00e9diterran\u00e9en. Que vous soyez en qu\u00eate d&rsquo;aventure, de romantisme ou simplement d&rsquo;une escapade tranquille, la location d&rsquo;un yacht d&rsquo;Ibiza \u00e0 Formentera vous promet un voyage inoubliable rempli de luxe, de libert\u00e9 et de possibilit\u00e9s infinies.      <\/p>\n\t\t\t\t\t\t\t\t<\/div>\n\t\t\t\t<\/div>\n\t\t\t\t\t<\/div>\n\t\t<\/div>\n\t\t\t\t\t<\/div>\n\t\t<\/section>\n\t\t\t\t<section class=\"elementor-section elementor-top-section elementor-element elementor-element-6d0d1ab elementor-section-boxed elementor-section-height-default elementor-section-height-default\" data-id=\"6d0d1ab\" data-element_type=\"section\">\n\t\t\t\t\t\t<div class=\"elementor-container elementor-column-gap-default\">\n\t\t\t\t\t<div class=\"elementor-column elementor-col-100 elementor-top-column elementor-element elementor-element-729ce19\" data-id=\"729ce19\" data-element_type=\"column\">\n\t\t\t<div class=\"elementor-widget-wrap elementor-element-populated\">\n\t\t\t\t\t\t<div class=\"elementor-element elementor-element-8b83c12 elementor-widget elementor-widget-heading\" data-id=\"8b83c12\" data-element_type=\"widget\" data-widget_type=\"heading.default\">\n\t\t\t\t<div class=\"elementor-widget-container\">\n\t\t\t\t\t<h3 class=\"elementor-heading-title elementor-size-default\">Yachts pour Formentera<\/h3>\t\t\t\t<\/div>\n\t\t\t\t<\/div>\n\t\t\t\t<div class=\"elementor-element elementor-element-64fd713 elementor-widget elementor-widget-text-editor\" data-id=\"64fd713\" data-element_type=\"widget\" data-widget_type=\"text-editor.default\">\n\t\t\t\t<div class=\"elementor-widget-container\">\n\t\t\t\t\t\t\t\t\t<p>Parcourez notre s\u00e9lection des plus beaux yachts et tenders de luxe \u00e0 louer \u00e0 Ibiza et profitez de votre journ\u00e9e \u00e0 Formentera.<\/p>\n\t\t\t\t\t\t\t\t<\/div>\n\t\t\t\t<\/div>\n\t\t\t\t\t<\/div>\n\t\t<\/div>\n\t\t\t\t\t<\/div>\n\t\t<\/section>\n\t\t\t\t<\/div>\n\t\t","protected":false},"excerpt":{"rendered":"<p>formerera ibiza formerera ibiza Yachts La location d&rsquo;un yacht d&rsquo;Ibiza \u00e0 Formentera offre une exp\u00e9rience in\u00e9gal\u00e9e de luxe et d&rsquo;aventure. Ibiza, r\u00e9put\u00e9e pour sa vie nocturne tr\u00e9pidante et son littoral \u00e0 couper le souffle, est le point de d\u00e9part id\u00e9al de votre voyage. Avec une location de bateau, vous avez la libert\u00e9 d&rsquo;explorer ces eaux&hellip; <a class=\"more-link\" href=\"https:\/\/ibiza-yacht.com\/fr\/les-voiles-de-st-tropez\/\">Poursuivre la lecture <span class=\"screen-reader-text\">Formentera<\/span><\/a><\/p>\n","protected":false},"author":3,"featured_media":9232,"parent":0,"menu_order":0,"comment_status":"closed","ping_status":"closed","template":"elementor_header_footer","meta":{"_acf_changed":false,"footnotes":""},"acf":[],"yoast_head":"<!-- This site is optimized with the Yoast SEO plugin v23.5 - https:\/\/yoast.com\/wordpress\/plugins\/seo\/ -->\n<title>Formentera Yachts \u00e0 louer - Ibiza Yachts<\/title>\n<meta name=\"description\" content=\"Profitez du meilleur de Formentera \u00e0 bord de quelques-uns des plus beaux yachts de la baie de Formentera.\" \/>\n<meta name=\"robots\" content=\"index, follow, max-snippet:-1, max-image-preview:large, max-video-preview:-1\" \/>\n<link rel=\"canonical\" href=\"https:\/\/ibiza-yacht.com\/fr\/les-voiles-de-st-tropez\/\" \/>\n<meta property=\"og:locale\" content=\"fr_FR\" \/>\n<meta property=\"og:type\" content=\"article\" \/>\n<meta property=\"og:title\" content=\"Formentera Yachts \u00e0 louer - Ibiza Yachts\" \/>\n<meta property=\"og:description\" content=\"Profitez du meilleur de Formentera \u00e0 bord de quelques-uns des plus beaux yachts de la baie de Formentera.\" \/>\n<meta property=\"og:url\" content=\"https:\/\/ibiza-yacht.com\/fr\/les-voiles-de-st-tropez\/\" \/>\n<meta property=\"og:site_name\" content=\"Ibiza Yachts\" \/>\n<meta property=\"article:modified_time\" content=\"2025-03-18T17:49:40+00:00\" \/>\n<meta property=\"og:image\" content=\"https:\/\/ibiza-yacht.com\/wp-content\/uploads\/2022\/08\/Les-Voiles-de-St-Tropez-2-scaled.jpg\" \/>\n\t<meta property=\"og:image:width\" content=\"2560\" \/>\n\t<meta property=\"og:image:height\" content=\"1707\" \/>\n\t<meta property=\"og:image:type\" content=\"image\/jpeg\" \/>\n<meta name=\"twitter:card\" content=\"summary_large_image\" \/>\n<meta name=\"twitter:label1\" content=\"Dur\u00e9e de lecture estim\u00e9e\" \/>\n\t<meta name=\"twitter:data1\" content=\"1 minute\" \/>\n<script type=\"application\/ld+json\" class=\"yoast-schema-graph\">{\"@context\":\"https:\/\/schema.org\",\"@graph\":[{\"@type\":\"WebPage\",\"@id\":\"https:\/\/ibiza-yacht.com\/fr\/les-voiles-de-st-tropez\/\",\"url\":\"https:\/\/ibiza-yacht.com\/fr\/les-voiles-de-st-tropez\/\",\"name\":\"Formentera Yachts \u00e0 louer - Ibiza Yachts\",\"isPartOf\":{\"@id\":\"https:\/\/ibiza-yacht.com\/fr\/#website\"},\"primaryImageOfPage\":{\"@id\":\"https:\/\/ibiza-yacht.com\/fr\/les-voiles-de-st-tropez\/#primaryimage\"},\"image\":{\"@id\":\"https:\/\/ibiza-yacht.com\/fr\/les-voiles-de-st-tropez\/#primaryimage\"},\"thumbnailUrl\":\"https:\/\/ibiza-yacht.com\/wp-content\/uploads\/2022\/08\/Les-Voiles-de-St-Tropez-2-scaled.jpg\",\"datePublished\":\"2022-06-01T16:05:35+00:00\",\"dateModified\":\"2025-03-18T17:49:40+00:00\",\"description\":\"Profitez du meilleur de Formentera \u00e0 bord de quelques-uns des plus beaux yachts de la baie de Formentera.\",\"breadcrumb\":{\"@id\":\"https:\/\/ibiza-yacht.com\/fr\/les-voiles-de-st-tropez\/#breadcrumb\"},\"inLanguage\":\"fr-FR\",\"potentialAction\":[{\"@type\":\"ReadAction\",\"target\":[\"https:\/\/ibiza-yacht.com\/fr\/les-voiles-de-st-tropez\/\"]}]},{\"@type\":\"ImageObject\",\"inLanguage\":\"fr-FR\",\"@id\":\"https:\/\/ibiza-yacht.com\/fr\/les-voiles-de-st-tropez\/#primaryimage\",\"url\":\"https:\/\/ibiza-yacht.com\/wp-content\/uploads\/2022\/08\/Les-Voiles-de-St-Tropez-2-scaled.jpg\",\"contentUrl\":\"https:\/\/ibiza-yacht.com\/wp-content\/uploads\/2022\/08\/Les-Voiles-de-St-Tropez-2-scaled.jpg\",\"width\":2560,\"height\":1707},{\"@type\":\"BreadcrumbList\",\"@id\":\"https:\/\/ibiza-yacht.com\/fr\/les-voiles-de-st-tropez\/#breadcrumb\",\"itemListElement\":[{\"@type\":\"ListItem\",\"position\":1,\"name\":\"Home\",\"item\":\"https:\/\/ibiza-yacht.com\/fr\/page-daccueil\/\"},{\"@type\":\"ListItem\",\"position\":2,\"name\":\"Formentera\"}]},{\"@type\":\"WebSite\",\"@id\":\"https:\/\/ibiza-yacht.com\/fr\/#website\",\"url\":\"https:\/\/ibiza-yacht.com\/fr\/\",\"name\":\"Ibiza Yachts\",\"description\":\"Ibiza Yachts for rent\",\"publisher\":{\"@id\":\"https:\/\/ibiza-yacht.com\/fr\/#organization\"},\"potentialAction\":[{\"@type\":\"SearchAction\",\"target\":{\"@type\":\"EntryPoint\",\"urlTemplate\":\"https:\/\/ibiza-yacht.com\/fr\/?s={search_term_string}\"},\"query-input\":{\"@type\":\"PropertyValueSpecification\",\"valueRequired\":true,\"valueName\":\"search_term_string\"}}],\"inLanguage\":\"fr-FR\"},{\"@type\":\"Organization\",\"@id\":\"https:\/\/ibiza-yacht.com\/fr\/#organization\",\"name\":\"Ibiza Yachts\",\"url\":\"https:\/\/ibiza-yacht.com\/fr\/\",\"logo\":{\"@type\":\"ImageObject\",\"inLanguage\":\"fr-FR\",\"@id\":\"https:\/\/ibiza-yacht.com\/fr\/#\/schema\/logo\/image\/\",\"url\":\"https:\/\/ibiza-yacht.com\/wp-content\/uploads\/2022\/01\/Cannes-Villa-Logo.jpg\",\"contentUrl\":\"https:\/\/ibiza-yacht.com\/wp-content\/uploads\/2022\/01\/Cannes-Villa-Logo.jpg\",\"width\":1704,\"height\":1704,\"caption\":\"Ibiza Yachts\"},\"image\":{\"@id\":\"https:\/\/ibiza-yacht.com\/fr\/#\/schema\/logo\/image\/\"}}]}<\/script>\n<!-- \/ Yoast SEO plugin. -->","yoast_head_json":{"title":"Formentera Yachts \u00e0 louer - Ibiza Yachts","description":"Profitez du meilleur de Formentera \u00e0 bord de quelques-uns des plus beaux yachts de la baie de Formentera.","robots":{"index":"index","follow":"follow","max-snippet":"max-snippet:-1","max-image-preview":"max-image-preview:large","max-video-preview":"max-video-preview:-1"},"canonical":"https:\/\/ibiza-yacht.com\/fr\/les-voiles-de-st-tropez\/","og_locale":"fr_FR","og_type":"article","og_title":"Formentera Yachts \u00e0 louer - Ibiza Yachts","og_description":"Profitez du meilleur de Formentera \u00e0 bord de quelques-uns des plus beaux yachts de la baie de Formentera.","og_url":"https:\/\/ibiza-yacht.com\/fr\/les-voiles-de-st-tropez\/","og_site_name":"Ibiza Yachts","article_modified_time":"2025-03-18T17:49:40+00:00","og_image":[{"width":2560,"height":1707,"url":"https:\/\/ibiza-yacht.com\/wp-content\/uploads\/2022\/08\/Les-Voiles-de-St-Tropez-2-scaled.jpg","type":"image\/jpeg"}],"twitter_card":"summary_large_image","twitter_misc":{"Dur\u00e9e de lecture estim\u00e9e":"1 minute"},"schema":{"@context":"https:\/\/schema.org","@graph":[{"@type":"WebPage","@id":"https:\/\/ibiza-yacht.com\/fr\/les-voiles-de-st-tropez\/","url":"https:\/\/ibiza-yacht.com\/fr\/les-voiles-de-st-tropez\/","name":"Formentera Yachts \u00e0 louer - Ibiza Yachts","isPartOf":{"@id":"https:\/\/ibiza-yacht.com\/fr\/#website"},"primaryImageOfPage":{"@id":"https:\/\/ibiza-yacht.com\/fr\/les-voiles-de-st-tropez\/#primaryimage"},"image":{"@id":"https:\/\/ibiza-yacht.com\/fr\/les-voiles-de-st-tropez\/#primaryimage"},"thumbnailUrl":"https:\/\/ibiza-yacht.com\/wp-content\/uploads\/2022\/08\/Les-Voiles-de-St-Tropez-2-scaled.jpg","datePublished":"2022-06-01T16:05:35+00:00","dateModified":"2025-03-18T17:49:40+00:00","description":"Profitez du meilleur de Formentera \u00e0 bord de quelques-uns des plus beaux yachts de la baie de Formentera.","breadcrumb":{"@id":"https:\/\/ibiza-yacht.com\/fr\/les-voiles-de-st-tropez\/#breadcrumb"},"inLanguage":"fr-FR","potentialAction":[{"@type":"ReadAction","target":["https:\/\/ibiza-yacht.com\/fr\/les-voiles-de-st-tropez\/"]}]},{"@type":"ImageObject","inLanguage":"fr-FR","@id":"https:\/\/ibiza-yacht.com\/fr\/les-voiles-de-st-tropez\/#primaryimage","url":"https:\/\/ibiza-yacht.com\/wp-content\/uploads\/2022\/08\/Les-Voiles-de-St-Tropez-2-scaled.jpg","contentUrl":"https:\/\/ibiza-yacht.com\/wp-content\/uploads\/2022\/08\/Les-Voiles-de-St-Tropez-2-scaled.jpg","width":2560,"height":1707},{"@type":"BreadcrumbList","@id":"https:\/\/ibiza-yacht.com\/fr\/les-voiles-de-st-tropez\/#breadcrumb","itemListElement":[{"@type":"ListItem","position":1,"name":"Home","item":"https:\/\/ibiza-yacht.com\/fr\/page-daccueil\/"},{"@type":"ListItem","position":2,"name":"Formentera"}]},{"@type":"WebSite","@id":"https:\/\/ibiza-yacht.com\/fr\/#website","url":"https:\/\/ibiza-yacht.com\/fr\/","name":"Ibiza Yachts","description":"Ibiza Yachts for rent","publisher":{"@id":"https:\/\/ibiza-yacht.com\/fr\/#organization"},"potentialAction":[{"@type":"SearchAction","target":{"@type":"EntryPoint","urlTemplate":"https:\/\/ibiza-yacht.com\/fr\/?s={search_term_string}"},"query-input":{"@type":"PropertyValueSpecification","valueRequired":true,"valueName":"search_term_string"}}],"inLanguage":"fr-FR"},{"@type":"Organization","@id":"https:\/\/ibiza-yacht.com\/fr\/#organization","name":"Ibiza Yachts","url":"https:\/\/ibiza-yacht.com\/fr\/","logo":{"@type":"ImageObject","inLanguage":"fr-FR","@id":"https:\/\/ibiza-yacht.com\/fr\/#\/schema\/logo\/image\/","url":"https:\/\/ibiza-yacht.com\/wp-content\/uploads\/2022\/01\/Cannes-Villa-Logo.jpg","contentUrl":"https:\/\/ibiza-yacht.com\/wp-content\/uploads\/2022\/01\/Cannes-Villa-Logo.jpg","width":1704,"height":1704,"caption":"Ibiza Yachts"},"image":{"@id":"https:\/\/ibiza-yacht.com\/fr\/#\/schema\/logo\/image\/"}}]}},"_links":{"self":[{"href":"https:\/\/ibiza-yacht.com\/fr\/wp-json\/wp\/v2\/pages\/11109"}],"collection":[{"href":"https:\/\/ibiza-yacht.com\/fr\/wp-json\/wp\/v2\/pages"}],"about":[{"href":"https:\/\/ibiza-yacht.com\/fr\/wp-json\/wp\/v2\/types\/page"}],"author":[{"embeddable":true,"href":"https:\/\/ibiza-yacht.com\/fr\/wp-json\/wp\/v2\/users\/3"}],"replies":[{"embeddable":true,"href":"https:\/\/ibiza-yacht.com\/fr\/wp-json\/wp\/v2\/comments?post=11109"}],"version-history":[{"count":0,"href":"https:\/\/ibiza-yacht.com\/fr\/wp-json\/wp\/v2\/pages\/11109\/revisions"}],"wp:featuredmedia":[{"embeddable":true,"href":"https:\/\/ibiza-yacht.com\/fr\/wp-json\/wp\/v2\/media\/9232"}],"wp:attachment":[{"href":"https:\/\/ibiza-yacht.com\/fr\/wp-json\/wp\/v2\/media?parent=11109"}],"curies":[{"name":"wp","href":"https:\/\/api.w.org\/{rel}","templated":true}]}}